{"id":881,"date":"2020-07-03T17:09:59","date_gmt":"2020-07-03T15:09:59","guid":{"rendered":"http:\/\/pastorale-scolaire.net\/tournai-secondaire\/?page_id=881"},"modified":"2021-05-25T12:22:31","modified_gmt":"2021-05-25T10:22:31","slug":"boite-a-outils-media-divers","status":"publish","type":"page","link":"http:\/\/pastorale-scolaire.net\/tournai-secondaire\/boite-a-outils-media-divers\/","title":{"rendered":"Bo\u00eete \u00e0 outils &#8211; m\u00e9dia divers"},"content":{"rendered":"\t\t<div data-elementor-type=\"wp-page\" data-elementor-id=\"881\" class=\"elementor elementor-881\">\n\t\t\t\t\t\t\t\t\t<section class=\"elementor-section elementor-top-section elementor-element elementor-element-e83e156 elementor-section-boxed elementor-section-height-default elementor-section-height-default\" data-id=\"e83e156\" data-element_type=\"section\">\n\t\t\t\t\t\t<div class=\"elementor-container elementor-column-gap-default\">\n\t\t\t\t\t<div class=\"elementor-column elementor-col-100 elementor-top-column elementor-element elementor-element-a726d1d\" data-id=\"a726d1d\" data-element_type=\"column\">\n\t\t\t<div class=\"elementor-widget-wrap elementor-element-populated\">\n\t\t\t\t\t\t\t\t<div class=\"elementor-element elementor-element-ed21814 elementor-widget elementor-widget-text-editor\" data-id=\"ed21814\" data-element_type=\"widget\" data-widget_type=\"text-editor.default\">\n\t\t\t\t<div class=\"elementor-widget-container\">\n\t\t\t\t\t\t\t<p style=\"text-align: center;\"><strong>LIENS DIVERS<\/strong><\/p><p><a href=\"https:\/\/www.youtube.com\/channel\/UChdDsghmlW1eUVhjcDUBBRA?reload=9\">La video du pape <\/a>\u00a0est une initiative officielle de port\u00e9e mondiale ayant pour objectif de diffuser les intentions de pri\u00e8re mensuelles du Saint-P\u00e8re. Elle est d\u00e9velopp\u00e9e par le R\u00e9seau Mondial de Pri\u00e8re du Pape (Apostolat de la pri\u00e8re).<\/p><p><a href=\"https:\/\/www.jrschange.org\/fr\/\">Projet Change <\/a> CHANGE veut aider \u00e0 construire une soci\u00e9t\u00e9 o\u00f9 tout le monde est le bienvenu, une soci\u00e9t\u00e9 \u00e0 laquelle chacun\u00b7e peut participer.<\/p><p><a href=\"https:\/\/artoffaithfestival.be\">Festival Art of Faith<\/a> est un festival chr\u00e9tien qui rassemble des chr\u00e9tiens de toute la Flandre et de la Wallonie pour un week-end fantastique plein de musique (louange), d&rsquo;art, de d\u00e9tente, de connectivit\u00e9 et bien plus encore!<\/p>\t\t\t\t\t\t<\/div>\n\t\t\t\t<\/div>\n\t\t\t\t\t<\/div>\n\t\t<\/div>\n\t\t\t\t\t\t\t<\/div>\n\t\t<\/section>\n\t\t\t\t<section class=\"elementor-section elementor-top-section elementor-element elementor-element-b9b17c0 elementor-section-boxed elementor-section-height-default elementor-section-height-default\" data-id=\"b9b17c0\" data-element_type=\"section\">\n\t\t\t\t\t\t<div class=\"elementor-container elementor-column-gap-default\">\n\t\t\t\t\t<div class=\"elementor-column elementor-col-100 elementor-top-column elementor-element elementor-element-5fbb4af\" data-id=\"5fbb4af\" data-element_type=\"column\">\n\t\t\t<div class=\"elementor-widget-wrap elementor-element-populated\">\n\t\t\t\t\t\t\t\t<div class=\"elementor-element elementor-element-99781ef elementor-widget elementor-widget-text-editor\" data-id=\"99781ef\" data-element_type=\"widget\" data-widget_type=\"text-editor.default\">\n\t\t\t\t<div class=\"elementor-widget-container\">\n\t\t\t\t\t\t\t<table class=\"with_border\"><tbody><tr><th style=\"text-align: center;\" colspan=\"3\"><strong>IMAGES<\/strong><\/th><\/tr><tr><td class=\"table_ress\" colspan=\"2\">Titre<\/td><td class=\"table_ress\">Lien<\/td><\/tr><tr><td colspan=\"2\">La th\u00e9matique de \u00ab\u00a0l&rsquo;arbre de vie\u00a0\u00bb<\/td><td><a href=\"http:\/\/pastorale-scolaire.net\/tournai-secondaire\/wp-content\/uploads\/2019\/09\/arbre.pdf\"><img loading=\"lazy\" decoding=\"async\" class=\"alignnone\" src=\"http:\/\/pastorale-scolaire.net\/tournai-secondaire\/wp-content\/uploads\/2019\/09\/arbre.jpg\" alt=\"arbre de vie\" width=\"204\" height=\"100\" \/><\/a><\/td><\/tr><tr><td colspan=\"2\">Alain Auderset, Un dessinateur qui fait r\u00e9fl\u00e9chir<\/td><td><a href=\"http:\/\/pastorale-scolaire.net\/tournai-secondaire\/wp-content\/uploads\/2019\/09\/auderset.pdf\"><img loading=\"lazy\" decoding=\"async\" class=\"alignnone\" src=\"http:\/\/pastorale-scolaire.net\/tournai-secondaire\/wp-content\/uploads\/2019\/09\/auderset.jpg\" alt=\"Alain Auderset\" width=\"143\" height=\"100\" \/><\/a><\/td><\/tr><\/tbody><\/table>\t\t\t\t\t\t<\/div>\n\t\t\t\t<\/div>\n\t\t\t\t\t<\/div>\n\t\t<\/div>\n\t\t\t\t\t\t\t<\/div>\n\t\t<\/section>\n\t\t\t\t<section class=\"elementor-section elementor-top-section elementor-element elementor-element-2a83c91 elementor-section-boxed elementor-section-height-default elementor-section-height-default\" data-id=\"2a83c91\" data-element_type=\"section\">\n\t\t\t\t\t\t<div class=\"elementor-container elementor-column-gap-default\">\n\t\t\t\t\t<div class=\"elementor-column elementor-col-100 elementor-top-column elementor-element elementor-element-60c1483\" data-id=\"60c1483\" data-element_type=\"column\">\n\t\t\t<div class=\"elementor-widget-wrap elementor-element-populated\">\n\t\t\t\t\t\t\t\t<div class=\"elementor-element elementor-element-a877211 elementor-widget elementor-widget-text-editor\" data-id=\"a877211\" data-element_type=\"widget\" data-widget_type=\"text-editor.default\">\n\t\t\t\t<div class=\"elementor-widget-container\">\n\t\t\t\t\t\t\t<table class=\"with_border\"><tbody><tr><th style=\"text-align: center;\" colspan=\"2\"><strong>DOCUMENTS<\/strong><\/th><\/tr><tr><td class=\"table_ress\"><strong>Th\u00e9matique<\/strong><\/td><td class=\"table_ress\"><strong>Titre<\/strong><\/td><\/tr><tr><td>Int\u00e9riorit\u00e9<\/td><td><a href=\"https:\/\/magazine-appel.be\/IMG\/pdf\/10-11appel-nov-19-ok-ber-compresse_glisse_e_s_.pdf\" class=\"broken_link\">Un oratorium au coll\u00e8ge Saint-Michel de Gosselies<\/a> (<a href=\"http:\/\/pastorale-scolaire.net\/tournai-secondaire\/wp-content\/uploads\/2020\/07\/OratoriumCollegeGosselies.pdf\">PDF<\/a>)<\/td><\/tr><tr><td>Jeunesse<\/td><td><a href=\"http:\/\/pastorale-scolaire.net\/tournai-secondaire\/wp-content\/uploads\/2019\/09\/Christus_vivit.pdf\">Exhortation apostolique \u00ab\u00a0Christus vivit\u00a0\u00bb (PDF)<\/a><\/td><\/tr><tr><td>Jeunesse<\/td><td><a href=\"http:\/\/pastorale-scolaire.net\/tournai-secondaire\/wp-content\/uploads\/2019\/09\/Christus_vivit.docx\">Exhortation apostolique \u00ab\u00a0Christus vivit\u00a0\u00bb (word)<\/a><\/td><\/tr><tr><td>Esp\u00e9rance<\/td><td><a href=\"http:\/\/pastorale-scolaire.net\/tournai-secondaire\/wp-content\/uploads\/2020\/07\/fiche_outil_sens_esperance.pdf\">Fiche outil : \u00ab\u00a0Sens et Esp\u00e9rance\u00a0\u00bb<\/a><\/td><\/tr><tr><td>Esp\u00e9rance<\/td><td><a href=\"http:\/\/pastorale-scolaire.net\/tournai-secondaire\/wp-content\/uploads\/2020\/07\/portfolio_esperance.pdf\">Portfolio sur le th\u00e8me de l&rsquo;Esp\u00e9rance<\/a><\/td><\/tr><tr><td>Rencontre<\/td><td><a href=\"http:\/\/pastorale-scolaire.net\/tournai-secondaire\/wp-content\/uploads\/2019\/09\/hs_choisir_la_rencontre.pdf\">Choisir la rencontre (hors s\u00e9rie de l&rsquo;Ens. Cath. fran\u00e7ais)<\/a><\/td><\/tr><tr><td>Int\u00e9riorit\u00e9<\/td><td><a href=\"http:\/\/pastorale-scolaire.net\/tournai-secondaire\/wp-content\/uploads\/2020\/07\/fiche_outil_interiorite.pdf\">Fiche outil sur l&rsquo;int\u00e9riorit\u00e9<\/a><\/td><\/tr><tr><td>Jeunesse<\/td><td><a href=\"http:\/\/pastorale-scolaire.net\/tournai-secondaire\/wp-content\/uploads\/2019\/09\/planete_jeunes_propos.pdf\">Interventions sur le th\u00e8me de la jeunesse contemporaine<\/a><\/td><\/tr><tr><td>Jeu<\/td><td><a href=\"http:\/\/pastorale-scolaire.net\/tournai-secondaire\/wp-content\/uploads\/2019\/09\/cocktaildubonheur.pdf\">Outil du Service Dioc\u00e9sain de Jeunes (SDJ) de Li\u00e8ge<\/a><\/td><\/tr><tr><td>Pastorale d&rsquo;engendrement<\/td><td><a href=\"http:\/\/pastorale-scolaire.net\/tournai-secondaire\/wp-content\/uploads\/2019\/09\/pasto_eng_fossion_foi_a_lecole.pdf\">\u00ab\u00a0DIEU DESIRABLE &#8211; Proposition de la foi et initiation\u00a0\u00bb d&rsquo;Andr\u00e9 Fossion<\/a><\/td><\/tr><tr><td>Pastorale d&rsquo;engendrement<\/td><td><a href=\"http:\/\/pastorale-scolaire.net\/tournai-secondaire\/wp-content\/uploads\/2019\/09\/pasto_eng_amherd_matteao_intro.pdf\">\u00ab\u00a0S\u2019OUVRIR A LA FECONDITE DE L\u2019ESPRIT &#8211; Fondements d\u2019une pastorale d\u2019engendrement\u00a0\u00bb Introduction au livre de M-A de Matteo et F-X Amherdt<\/a><\/td><\/tr><tr><td>Pastorale d&rsquo;engendrement<\/td><td><a href=\"http:\/\/pastorale-scolaire.net\/tournai-secondaire\/wp-content\/uploads\/2019\/09\/pasto_eng_fossion.pdf\">UNE PASTORALE POUR LA VIE d&rsquo;Andr\u00e9 Fossion<\/a><\/td><\/tr><tr><td>Pastorale d&rsquo;engendrement<\/td><td><a href=\"http:\/\/pastorale-scolaire.net\/tournai-secondaire\/wp-content\/uploads\/2019\/09\/pasto_eng_voir_clair.pdf\">PASTORALE D\u2019ENGENDREMENT&#8230; pour y voir plus clair<\/a><\/td><\/tr><\/tbody><\/table>\t\t\t\t\t\t<\/div>\n\t\t\t\t<\/div>\n\t\t\t\t\t<\/div>\n\t\t<\/div>\n\t\t\t\t\t\t\t<\/div>\n\t\t<\/section>\n\t\t\t\t<section class=\"elementor-section elementor-top-section elementor-element elementor-element-6743a4e elementor-section-boxed elementor-section-height-default elementor-section-height-default\" data-id=\"6743a4e\" data-element_type=\"section\">\n\t\t\t\t\t\t<div class=\"elementor-container elementor-column-gap-default\">\n\t\t\t\t\t<div class=\"elementor-column elementor-col-100 elementor-top-column elementor-element elementor-element-47f7185\" data-id=\"47f7185\" data-element_type=\"column\">\n\t\t\t<div class=\"elementor-widget-wrap elementor-element-populated\">\n\t\t\t\t\t\t\t\t<div class=\"elementor-element elementor-element-6f64d14 elementor-widget elementor-widget-text-editor\" data-id=\"6f64d14\" data-element_type=\"widget\" data-widget_type=\"text-editor.default\">\n\t\t\t\t<div class=\"elementor-widget-container\">\n\t\t\t\t\t\t\t<table class=\"with_border\"><tbody><tr><th colspan=\"3\">REVUE PAROLES<\/th><\/tr><tr><td><a href=\"http:\/\/pastorale-scolaire.net\/tournai-secondaire\/wp-content\/uploads\/2019\/09\/paroles1.pdf\" target=\"_blank\" rel=\"noopener\"><img loading=\"lazy\" decoding=\"async\" class=\"alignnone\" src=\"http:\/\/pastorale-scolaire.net\/tournai-secondaire\/wp-content\/uploads\/2019\/09\/paroles1.png\" alt=\"revue Paroles 1\" width=\"150\" height=\"213\" \/><\/a><\/td><td><a href=\"http:\/\/pastorale-scolaire.net\/tournai-secondaire\/wp-content\/uploads\/2019\/09\/paroles2.pdf\" target=\"_blank\" rel=\"noopener\"><img loading=\"lazy\" decoding=\"async\" class=\"alignnone\" src=\"http:\/\/pastorale-scolaire.net\/tournai-secondaire\/wp-content\/uploads\/2019\/09\/paroles2.png\" alt=\"revue Paroles 2\" width=\"150\" height=\"213\" \/><\/a><\/td><td><a href=\"http:\/\/pastorale-scolaire.net\/tournai-secondaire\/wp-content\/uploads\/2019\/09\/paroles34.pdf\" target=\"_blank\" rel=\"noopener\"><img loading=\"lazy\" decoding=\"async\" class=\"alignnone\" src=\"http:\/\/pastorale-scolaire.net\/tournai-secondaire\/wp-content\/uploads\/2019\/09\/paroles3_4.png\" alt=\"revue Paroles 3 et 4\" width=\"150\" height=\"213\" \/><\/a><\/td><\/tr><\/tbody><\/table>\t\t\t\t\t\t<\/div>\n\t\t\t\t<\/div>\n\t\t\t\t\t<\/div>\n\t\t<\/div>\n\t\t\t\t\t\t\t<\/div>\n\t\t<\/section>\n\t\t\t\t<section class=\"elementor-section elementor-top-section elementor-element elementor-element-c5f81cb elementor-section-boxed elementor-section-height-default elementor-section-height-default\" data-id=\"c5f81cb\" data-element_type=\"section\">\n\t\t\t\t\t\t<div class=\"elementor-container elementor-column-gap-default\">\n\t\t\t\t\t<div class=\"elementor-column elementor-col-100 elementor-top-column elementor-element elementor-element-46076e9\" data-id=\"46076e9\" data-element_type=\"column\">\n\t\t\t<div class=\"elementor-widget-wrap elementor-element-populated\">\n\t\t\t\t\t\t\t\t<div class=\"elementor-element elementor-element-a167134 elementor-widget elementor-widget-text-editor\" data-id=\"a167134\" data-element_type=\"widget\" data-widget_type=\"text-editor.default\">\n\t\t\t\t<div class=\"elementor-widget-container\">\n\t\t\t\t\t\t\t<section><table class=\"with_border\"><tbody><tr><th style=\"text-align: center;\" colspan=\"3\"><strong>VIDEO ET AUDIO<\/strong><\/th><\/tr><tr><td class=\"table_ress\">Auteur<\/td><td class=\"table_ress\">Titre<\/td><td class=\"table_ress\">Lien<\/td><\/tr><tr><td>Atlanta speech school<\/td><td>La Bienveillance au quotidien<\/td><td><a href=\"https:\/\/youtu.be\/e-qRyssP-co\"><img loading=\"lazy\" decoding=\"async\" class=\"aligncenter wp-image-150\" src=\"http:\/\/pastorale-scolaire.net\/tournai-secondaire\/wp-content\/uploads\/2019\/09\/Atlanta_Speech_School-300x169.jpg\" alt=\"\" width=\"350\" height=\"197\" srcset=\"http:\/\/pastorale-scolaire.net\/tournai-secondaire\/wp-content\/uploads\/2019\/09\/Atlanta_Speech_School-300x169.jpg 300w, http:\/\/pastorale-scolaire.net\/tournai-secondaire\/wp-content\/uploads\/2019\/09\/Atlanta_Speech_School.jpg 397w\" sizes=\"auto, (max-width: 350px) 100vw, 350px\" \/><\/a><\/td><\/tr><tr><td>Krizovatka<\/td><td>Aime ton prochain comme toi-m\u00eame<\/td><td><iframe loading=\"lazy\" src=\"https:\/\/www.youtube.com\/embed\/K9-LTlgn1hk\" width=\"300\" height=\"225\" allowfullscreen=\"allowfullscreen\" data-mce-fragment=\"1\"><\/iframe><\/td><\/tr><tr><td>Philips.com\/cinema<\/td><td>La licorne en porcellaine<\/td><td><iframe loading=\"lazy\" src=\"https:\/\/www.youtube.com\/embed\/FuVw2ojfEDA\" width=\"300\" height=\"225\" allowfullscreen=\"allowfullscreen\" data-mce-fragment=\"1\"><\/iframe><\/td><\/tr><tr><td>24 images dans l&rsquo;air<\/td><td>Je suis un \u00eatre humain<\/td><td><iframe loading=\"lazy\" src=\"https:\/\/www.youtube.com\/embed\/VMc-Giy91js\" width=\"300\" height=\"225\" allowfullscreen=\"allowfullscreen\" data-mce-fragment=\"1\"><\/iframe><\/td><\/tr><tr><td>La Frassateam<\/td><td>Bref &#8211; j&rsquo;ai relanc\u00e9\u00a0\u00bb ma vie spirituelle<\/td><td><iframe loading=\"lazy\" src=\"https:\/\/www.youtube.com\/embed\/PJCIL_4g_48\" width=\"300\" height=\"225\" allowfullscreen=\"allowfullscreen\" data-mce-fragment=\"1\"><\/iframe><\/td><\/tr><tr><td>La Frassateam<\/td><td>Bref &#8211; je suis catho<\/td><td><iframe loading=\"lazy\" src=\"https:\/\/www.youtube.com\/embed\/QCENbzCEtX0\" width=\"300\" height=\"225\" allowfullscreen=\"allowfullscreen\" data-mce-fragment=\"1\"><\/iframe><\/td><\/tr><tr><td>La Frassateam<\/td><td>Bref &#8211; j&rsquo;\u00e9tais pardonn\u00e9<\/td><td><iframe loading=\"lazy\" src=\"https:\/\/www.youtube.com\/embed\/6www33A3Wg4\" width=\"300\" height=\"225\" allowfullscreen=\"allowfullscreen\" data-mce-fragment=\"1\"><\/iframe><\/td><\/tr><\/tbody><\/table><\/section>\t\t\t\t\t\t<\/div>\n\t\t\t\t<\/div>\n\t\t\t\t\t<\/div>\n\t\t<\/div>\n\t\t\t\t\t\t\t<\/div>\n\t\t<\/section>\n\t\t\t\t\t\t\t<\/div>\n\t\t","protected":false},"excerpt":{"rendered":"<p>LIENS DIVERS La video du pape \u00a0est une initiative officielle de port\u00e9e mondiale ayant pour objectif de diffuser les intentions de pri\u00e8re mensuelles du Saint-P\u00e8re. Elle est d\u00e9velopp\u00e9e par le R\u00e9seau Mondial de Pri\u00e8re du Pape (Apostolat de la pri\u00e8re). Projet Change CHANGE veut aider \u00e0 construire une soci\u00e9t\u00e9 o\u00f9 tout le monde est le [&hellip;]<\/p>\n","protected":false},"author":1,"featured_media":150,"parent":0,"menu_order":2,"comment_status":"closed","ping_status":"closed","template":"","meta":{"ocean_post_layout":"","ocean_both_sidebars_style":"","ocean_both_sidebars_content_width":0,"ocean_both_sidebars_sidebars_width":0,"ocean_sidebar":"0","ocean_second_sidebar":"0","ocean_disable_margins":"enable","ocean_add_body_class":"","ocean_shortcode_before_top_bar":"","ocean_shortcode_after_top_bar":"","ocean_shortcode_before_header":"","ocean_shortcode_after_header":"","ocean_has_shortcode":"","ocean_shortcode_after_title":"","ocean_shortcode_before_footer_widgets":"","ocean_shortcode_after_footer_widgets":"","ocean_shortcode_before_footer_bottom":"","ocean_shortcode_after_footer_bottom":"","ocean_display_top_bar":"default","ocean_display_header":"default","ocean_header_style":"","ocean_center_header_left_menu":"0","ocean_custom_header_template":"0","ocean_custom_logo":0,"ocean_custom_retina_logo":0,"ocean_custom_logo_max_width":0,"ocean_custom_logo_tablet_max_width":0,"ocean_custom_logo_mobile_max_width":0,"ocean_custom_logo_max_height":0,"ocean_custom_logo_tablet_max_height":0,"ocean_custom_logo_mobile_max_height":0,"ocean_header_custom_menu":"0","ocean_menu_typo_font_family":"0","ocean_menu_typo_font_subset":"","ocean_menu_typo_font_size":0,"ocean_menu_typo_font_size_tablet":0,"ocean_menu_typo_font_size_mobile":0,"ocean_menu_typo_font_size_unit":"px","ocean_menu_typo_font_weight":"","ocean_menu_typo_font_weight_tablet":"","ocean_menu_typo_font_weight_mobile":"","ocean_menu_typo_transform":"","ocean_menu_typo_transform_tablet":"","ocean_menu_typo_transform_mobile":"","ocean_menu_typo_line_height":0,"ocean_menu_typo_line_height_tablet":0,"ocean_menu_typo_line_height_mobile":0,"ocean_menu_typo_line_height_unit":"","ocean_menu_typo_spacing":0,"ocean_menu_typo_spacing_tablet":0,"ocean_menu_typo_spacing_mobile":0,"ocean_menu_typo_spacing_unit":"","ocean_menu_link_color":"","ocean_menu_link_color_hover":"","ocean_menu_link_color_active":"","ocean_menu_link_background":"","ocean_menu_link_hover_background":"","ocean_menu_link_active_background":"","ocean_menu_social_links_bg":"","ocean_menu_social_hover_links_bg":"","ocean_menu_social_links_color":"","ocean_menu_social_hover_links_color":"","ocean_disable_title":"default","ocean_disable_heading":"default","ocean_post_title":"","ocean_post_subheading":"","ocean_post_title_style":"","ocean_post_title_background_color":"","ocean_post_title_background":0,"ocean_post_title_bg_image_position":"","ocean_post_title_bg_image_attachment":"","ocean_post_title_bg_image_repeat":"","ocean_post_title_bg_image_size":"","ocean_post_title_height":0,"ocean_post_title_bg_overlay":0.5,"ocean_post_title_bg_overlay_color":"","ocean_disable_breadcrumbs":"default","ocean_breadcrumbs_color":"","ocean_breadcrumbs_separator_color":"","ocean_breadcrumbs_links_color":"","ocean_breadcrumbs_links_hover_color":"","ocean_display_footer_widgets":"default","ocean_display_footer_bottom":"default","ocean_custom_footer_template":"0","footnotes":""},"class_list":["post-881","page","type-page","status-publish","has-post-thumbnail","hentry","entry","has-media"],"_links":{"self":[{"href":"http:\/\/pastorale-scolaire.net\/tournai-secondaire\/wp-json\/wp\/v2\/pages\/881","targetHints":{"allow":["GET"]}}],"collection":[{"href":"http:\/\/pastorale-scolaire.net\/tournai-secondaire\/wp-json\/wp\/v2\/pages"}],"about":[{"href":"http:\/\/pastorale-scolaire.net\/tournai-secondaire\/wp-json\/wp\/v2\/types\/page"}],"author":[{"embeddable":true,"href":"http:\/\/pastorale-scolaire.net\/tournai-secondaire\/wp-json\/wp\/v2\/users\/1"}],"replies":[{"embeddable":true,"href":"http:\/\/pastorale-scolaire.net\/tournai-secondaire\/wp-json\/wp\/v2\/comments?post=881"}],"version-history":[{"count":18,"href":"http:\/\/pastorale-scolaire.net\/tournai-secondaire\/wp-json\/wp\/v2\/pages\/881\/revisions"}],"predecessor-version":[{"id":1767,"href":"http:\/\/pastorale-scolaire.net\/tournai-secondaire\/wp-json\/wp\/v2\/pages\/881\/revisions\/1767"}],"wp:featuredmedia":[{"embeddable":true,"href":"http:\/\/pastorale-scolaire.net\/tournai-secondaire\/wp-json\/wp\/v2\/media\/150"}],"wp:attachment":[{"href":"http:\/\/pastorale-scolaire.net\/tournai-secondaire\/wp-json\/wp\/v2\/media?parent=881"}],"curies":[{"name":"wp","href":"https:\/\/api.w.org\/{rel}","templated":true}]}}